{"id":2071,"date":"2024-12-10T21:48:37","date_gmt":"2024-12-10T19:48:37","guid":{"rendered":"https:\/\/astronomie-club-ostfriesland.de\/?page_id=2071"},"modified":"2024-12-10T22:17:14","modified_gmt":"2024-12-10T20:17:14","slug":"aktuelles-und-beitraege-tutorials","status":"publish","type":"page","link":"https:\/\/astronomie-club-ostfriesland.de\/?page_id=2071","title":{"rendered":"Unsere Themen &#8211; Berichte"},"content":{"rendered":"\n<div class=\"wp-block-buttons is-layout-flex wp-block-buttons-is-layout-flex\">\n<div class=\"wp-block-button\"><a class=\"wp-block-button__link wp-element-button\" href=\"https:\/\/astronomie-club-ostfriesland.de\/?page_id=2005\">ALLE<\/a><\/div>\n\n\n\n<div class=\"wp-block-button\"><a class=\"wp-block-button__link wp-element-button\" href=\"https:\/\/astronomie-club-ostfriesland.de\/?page_id=2100\">Allgemein<\/a><\/div>\n\n\n\n<div class=\"wp-block-button\"><a class=\"wp-block-button__link wp-element-button\" href=\"https:\/\/astronomie-club-ostfriesland.de\/?page_id=2071\">Berichte<\/a><\/div>\n\n\n\n<div class=\"wp-block-button\"><a class=\"wp-block-button__link wp-element-button\" href=\"https:\/\/astronomie-club-ostfriesland.de\/?page_id=2081\">Tutorials<\/a><\/div>\n\n\n\n<div class=\"wp-block-button\"><a class=\"wp-block-button__link wp-element-button\" href=\"https:\/\/astronomie-club-ostfriesland.de\/?page_id=2083\">Projekte<\/a><\/div>\n<\/div>\n\n\n\n<hr class=\"wp-block-separator has-alpha-channel-opacity is-style-default\"\/>\n\n\n<ul class=\"wp-block-latest-posts__list has-author min-height-200 wp-block-latest-posts\"><li><div class=\"wp-block-latest-posts__featured-image alignleft\"><a href=\"https:\/\/astronomie-club-ostfriesland.de\/?p=2291\" aria-label=\"19. Astronomie-Tage Ostfriesland 2025\"><img loading=\"lazy\" decoding=\"async\" width=\"150\" height=\"150\" src=\"https:\/\/astronomie-club-ostfriesland.de\/wp-content\/uploads\/2025\/10\/8CA2AFAD-1C3E-419C-B3C6-60519030119F-150x150.jpeg\" class=\"attachment-thumbnail size-thumbnail wp-post-image\" alt=\"\" style=\"max-width:150px;max-height:150px;\" \/><\/a><\/div><a class=\"wp-block-latest-posts__post-title\" href=\"https:\/\/astronomie-club-ostfriesland.de\/?p=2291\">19. Astronomie-Tage Ostfriesland 2025<\/a><div class=\"wp-block-latest-posts__post-author\">von Sabrina Enderle-Kleb<\/div><div class=\"wp-block-latest-posts__post-excerpt\">Vom 10. bis 19. Oktober fanden die 19. Astronomie-Tage Ostfriesland in Zwischenbergen statt. Das traditionsreiche Teleskoptreffen wurde in diesem Jahr durch ein\u2026\u00a0<a class=\"wp-block-latest-posts__read-more\" href=\"https:\/\/astronomie-club-ostfriesland.de\/?p=2291\" rel=\"noopener noreferrer\"><span class=\"screen-reader-text\">19. Astronomie-Tage Ostfriesland 2025 <\/span>weiterlesen<\/a><\/div><\/li>\n<li><div class=\"wp-block-latest-posts__featured-image alignleft\"><a href=\"https:\/\/astronomie-club-ostfriesland.de\/?p=2277\" aria-label=\"R\u00fcckblick: Totale Mondfinsternis am 07.09.2025\"><img loading=\"lazy\" decoding=\"async\" width=\"150\" height=\"150\" src=\"https:\/\/astronomie-club-ostfriesland.de\/wp-content\/uploads\/2025\/10\/6708540C-1D47-44E6-83A0-C8534212CC54-150x150.jpeg\" class=\"attachment-thumbnail size-thumbnail wp-post-image\" alt=\"\" style=\"max-width:150px;max-height:150px;\" \/><\/a><\/div><a class=\"wp-block-latest-posts__post-title\" href=\"https:\/\/astronomie-club-ostfriesland.de\/?p=2277\">R\u00fcckblick: Totale Mondfinsternis am 07.09.2025<\/a><div class=\"wp-block-latest-posts__post-author\">von Sabrina Enderle-Kleb<\/div><div class=\"wp-block-latest-posts__post-excerpt\">Bei zun\u00e4chst vielversprechendem Wetter trafen sich am Abend des 7. September mehrere Mitglieder des Astronomie-Clubs Ostfriesland zu einer gemeinsamen Beobachtung der totalen\u2026\u00a0<a class=\"wp-block-latest-posts__read-more\" href=\"https:\/\/astronomie-club-ostfriesland.de\/?p=2277\" rel=\"noopener noreferrer\"><span class=\"screen-reader-text\">R\u00fcckblick: Totale Mondfinsternis am 07.09.2025 <\/span>weiterlesen<\/a><\/div><\/li>\n<li><div class=\"wp-block-latest-posts__featured-image alignleft\"><a href=\"https:\/\/astronomie-club-ostfriesland.de\/?p=2168\" aria-label=\"Die partielle Sonnenfinsternis am 29.3.2025\"><img loading=\"lazy\" decoding=\"async\" width=\"150\" height=\"150\" src=\"https:\/\/astronomie-club-ostfriesland.de\/wp-content\/uploads\/2025\/03\/IMG_5315_qs-150x150.jpg\" class=\"attachment-thumbnail size-thumbnail wp-post-image\" alt=\"\" style=\"max-width:150px;max-height:150px;\" srcset=\"https:\/\/astronomie-club-ostfriesland.de\/wp-content\/uploads\/2025\/03\/IMG_5315_qs-150x150.jpg 150w, https:\/\/astronomie-club-ostfriesland.de\/wp-content\/uploads\/2025\/03\/IMG_5315_qs-300x300.jpg 300w, https:\/\/astronomie-club-ostfriesland.de\/wp-content\/uploads\/2025\/03\/IMG_5315_qs-1024x1024.jpg 1024w, https:\/\/astronomie-club-ostfriesland.de\/wp-content\/uploads\/2025\/03\/IMG_5315_qs-768x768.jpg 768w, https:\/\/astronomie-club-ostfriesland.de\/wp-content\/uploads\/2025\/03\/IMG_5315_qs-1000x1000.jpg 1000w, https:\/\/astronomie-club-ostfriesland.de\/wp-content\/uploads\/2025\/03\/IMG_5315_qs-230x230.jpg 230w, https:\/\/astronomie-club-ostfriesland.de\/wp-content\/uploads\/2025\/03\/IMG_5315_qs-350x350.jpg 350w, https:\/\/astronomie-club-ostfriesland.de\/wp-content\/uploads\/2025\/03\/IMG_5315_qs-480x480.jpg 480w, https:\/\/astronomie-club-ostfriesland.de\/wp-content\/uploads\/2025\/03\/IMG_5315_qs.jpg 1078w\" sizes=\"auto, (max-width: 150px) 100vw, 150px\" \/><\/a><\/div><a class=\"wp-block-latest-posts__post-title\" href=\"https:\/\/astronomie-club-ostfriesland.de\/?p=2168\">Die partielle Sonnenfinsternis am 29.3.2025<\/a><div class=\"wp-block-latest-posts__post-author\">von Sabrina Enderle-Kleb<\/div><div class=\"wp-block-latest-posts__post-excerpt\">Was ist eine Sonnenfinsternis? Eine Sonnenfinsternis tritt auf, wenn der Mond sich genau zwischen Erde und Sonne schiebt und dabei das Sonnenlicht\u2026\u00a0<a class=\"wp-block-latest-posts__read-more\" href=\"https:\/\/astronomie-club-ostfriesland.de\/?p=2168\" rel=\"noopener noreferrer\"><span class=\"screen-reader-text\">Die partielle Sonnenfinsternis am 29.3.2025 <\/span>weiterlesen<\/a><\/div><\/li>\n<li><div class=\"wp-block-latest-posts__featured-image alignleft\"><a href=\"https:\/\/astronomie-club-ostfriesland.de\/?p=1930\" aria-label=\"18. Astronomie-Tage Ostfriesland 2024 &#8211; Polarlichter inklusive\"><img loading=\"lazy\" decoding=\"async\" width=\"150\" height=\"150\" src=\"https:\/\/astronomie-club-ostfriesland.de\/wp-content\/uploads\/2024\/10\/ATO-Logo_AURORA-01-150x150.jpg\" class=\"attachment-thumbnail size-thumbnail wp-post-image\" alt=\"\" style=\"max-width:150px;max-height:150px;\" \/><\/a><\/div><a class=\"wp-block-latest-posts__post-title\" href=\"https:\/\/astronomie-club-ostfriesland.de\/?p=1930\">18. Astronomie-Tage Ostfriesland 2024 &#8211; Polarlichter inklusive<\/a><div class=\"wp-block-latest-posts__post-author\">von Sabrina Enderle-Kleb<\/div><div class=\"wp-block-latest-posts__post-excerpt\">Die diesj\u00e4hrigen Astronomie-Tage Ostfriesland war ein voller Erfolg. Vom 5. bis 13. Oktober 2024 versammelten sich Hobby-Astronomen aus ganz Deutschland auf der\u2026\u00a0<a class=\"wp-block-latest-posts__read-more\" href=\"https:\/\/astronomie-club-ostfriesland.de\/?p=1930\" rel=\"noopener noreferrer\"><span class=\"screen-reader-text\">18. Astronomie-Tage Ostfriesland 2024 &#8211; Polarlichter inklusive <\/span>weiterlesen<\/a><\/div><\/li>\n<li><div class=\"wp-block-latest-posts__featured-image alignleft\"><a href=\"https:\/\/astronomie-club-ostfriesland.de\/?p=708\" aria-label=\"Review Pegasus Astro Zubeh\u00f6r\"><img loading=\"lazy\" decoding=\"async\" width=\"150\" height=\"150\" src=\"https:\/\/astronomie-club-ostfriesland.de\/wp-content\/uploads\/2023\/12\/4-150x150.jpg\" class=\"attachment-thumbnail size-thumbnail wp-post-image\" alt=\"\" style=\"max-width:150px;max-height:150px;\" \/><\/a><\/div><a class=\"wp-block-latest-posts__post-title\" href=\"https:\/\/astronomie-club-ostfriesland.de\/?p=708\">Review Pegasus Astro Zubeh\u00f6r<\/a><div class=\"wp-block-latest-posts__post-author\">von David Schmidt<\/div><div class=\"wp-block-latest-posts__post-excerpt\">In einem englischsprachigen Forum kam im Herbst 2021 die Frage auf: \u201eWelches Zubeh\u00f6rteil hat euch das Astroleben am meisten erleichtert?\u201c Als von\u2026\u00a0<a class=\"wp-block-latest-posts__read-more\" href=\"https:\/\/astronomie-club-ostfriesland.de\/?p=708\" rel=\"noopener noreferrer\"><span class=\"screen-reader-text\">Review Pegasus Astro Zubeh\u00f6r <\/span>weiterlesen<\/a><\/div><\/li>\n<li><div class=\"wp-block-latest-posts__featured-image alignleft\"><a href=\"https:\/\/astronomie-club-ostfriesland.de\/?p=1954\" aria-label=\"Nicht nur Trockenastronomie im Regen \u2013 Beobachtungsabend am MAX in Emden\"><img loading=\"lazy\" decoding=\"async\" width=\"150\" height=\"150\" src=\"https:\/\/astronomie-club-ostfriesland.de\/wp-content\/uploads\/2023\/11\/Sabrina7-150x150.jpg\" class=\"attachment-thumbnail size-thumbnail wp-post-image\" alt=\"\" style=\"max-width:150px;max-height:150px;\" \/><\/a><\/div><a class=\"wp-block-latest-posts__post-title\" href=\"https:\/\/astronomie-club-ostfriesland.de\/?p=1954\">Nicht nur Trockenastronomie im Regen \u2013 Beobachtungsabend am MAX in Emden<\/a><div class=\"wp-block-latest-posts__post-author\">von Martin Stenke<\/div><div class=\"wp-block-latest-posts__post-excerpt\">In Rahmen des Seminarfaches \u201eEinf\u00fchrung in das wissenschaftliche Arbeiten\u201c hatte ich in Zusammenarbeit mit dem Astronomieclub Ostfriesland am 24.11. um 19.00 Uhr\u2026\u00a0<a class=\"wp-block-latest-posts__read-more\" href=\"https:\/\/astronomie-club-ostfriesland.de\/?p=1954\" rel=\"noopener noreferrer\"><span class=\"screen-reader-text\">Nicht nur Trockenastronomie im Regen \u2013 Beobachtungsabend am MAX in Emden <\/span>weiterlesen<\/a><\/div><\/li>\n<li><div class=\"wp-block-latest-posts__featured-image alignleft\"><a href=\"https:\/\/astronomie-club-ostfriesland.de\/?p=1974\" aria-label=\"Sommersonnenwende Astronomietage 2023 SWAT\"><img loading=\"lazy\" decoding=\"async\" width=\"150\" height=\"150\" src=\"https:\/\/astronomie-club-ostfriesland.de\/wp-content\/uploads\/2023\/11\/SWAT-01-150x150.png\" class=\"attachment-thumbnail size-thumbnail wp-post-image\" alt=\"\" style=\"max-width:150px;max-height:150px;\" \/><\/a><\/div><a class=\"wp-block-latest-posts__post-title\" href=\"https:\/\/astronomie-club-ostfriesland.de\/?p=1974\">Sommersonnenwende Astronomietage 2023 SWAT<\/a><div class=\"wp-block-latest-posts__post-author\">von Sabrina Enderle-Kleb<\/div><div class=\"wp-block-latest-posts__post-excerpt\">Die Idee zu einem Sommertreffen wurde auf dem ATO 2022 geboren. Das Treffen zum Sonne, Mond beobachten und Erfahrungen austauschen, wird vom\u2026\u00a0<a class=\"wp-block-latest-posts__read-more\" href=\"https:\/\/astronomie-club-ostfriesland.de\/?p=1974\" rel=\"noopener noreferrer\"><span class=\"screen-reader-text\">Sommersonnenwende Astronomietage 2023 SWAT <\/span>weiterlesen<\/a><\/div><\/li>\n<li><div class=\"wp-block-latest-posts__featured-image alignleft\"><a href=\"https:\/\/astronomie-club-ostfriesland.de\/?p=1972\" aria-label=\"ACO pr\u00e4sentiert sich auf den Wirtschaftstagen 2023 in Wiesmoor\"><img loading=\"lazy\" decoding=\"async\" width=\"150\" height=\"150\" src=\"https:\/\/astronomie-club-ostfriesland.de\/wp-content\/uploads\/2023\/06\/1-150x150.jpg\" class=\"attachment-thumbnail size-thumbnail wp-post-image\" alt=\"\" style=\"max-width:150px;max-height:150px;\" \/><\/a><\/div><a class=\"wp-block-latest-posts__post-title\" href=\"https:\/\/astronomie-club-ostfriesland.de\/?p=1972\">ACO pr\u00e4sentiert sich auf den Wirtschaftstagen 2023 in Wiesmoor<\/a><div class=\"wp-block-latest-posts__post-author\">von Sabrina Enderle-Kleb<\/div><div class=\"wp-block-latest-posts__post-excerpt\">Mit einer bunten Vielfalt aus Produkten, Dienstleistungen und Vereinen aus allen Bereichen des menschlichen Lebens wird am 10. und 11. Juni 2023\u2026\u00a0<a class=\"wp-block-latest-posts__read-more\" href=\"https:\/\/astronomie-club-ostfriesland.de\/?p=1972\" rel=\"noopener noreferrer\"><span class=\"screen-reader-text\">ACO pr\u00e4sentiert sich auf den Wirtschaftstagen 2023 in Wiesmoor <\/span>weiterlesen<\/a><\/div><\/li>\n<li><div class=\"wp-block-latest-posts__featured-image alignleft\"><a href=\"https:\/\/astronomie-club-ostfriesland.de\/?p=1959\" aria-label=\"Sonnenfinsternis 2022\"><img loading=\"lazy\" decoding=\"async\" width=\"150\" height=\"150\" src=\"https:\/\/astronomie-club-ostfriesland.de\/wp-content\/uploads\/2022\/08\/IMG_5315_s_wmkl-150x150.jpg\" class=\"attachment-thumbnail size-thumbnail wp-post-image\" alt=\"\" style=\"max-width:150px;max-height:150px;\" \/><\/a><\/div><a class=\"wp-block-latest-posts__post-title\" href=\"https:\/\/astronomie-club-ostfriesland.de\/?p=1959\">Sonnenfinsternis 2022<\/a><div class=\"wp-block-latest-posts__post-author\">von Sabrina Enderle-Kleb<\/div><div class=\"wp-block-latest-posts__post-excerpt\">Am 25. Oktober fand eine partielle Sonnenfinsternis \u00fcber Europa, Teilen Asiens und Afrikas statt. Der Mond bedeckte die Sonne zu maximal 82%\u2026\u00a0<a class=\"wp-block-latest-posts__read-more\" href=\"https:\/\/astronomie-club-ostfriesland.de\/?p=1959\" rel=\"noopener noreferrer\"><span class=\"screen-reader-text\">Sonnenfinsternis 2022 <\/span>weiterlesen<\/a><\/div><\/li>\n<li><a class=\"wp-block-latest-posts__post-title\" href=\"https:\/\/astronomie-club-ostfriesland.de\/?p=1969\">Mondbeobachtungen: Das Schiller-Zuccius-Becken<\/a><div class=\"wp-block-latest-posts__post-author\">von Martin Stenke<\/div><div class=\"wp-block-latest-posts__post-excerpt\">Etwas abseitige Mondbeobachtungen: Das Schiller-Zuccius-Becken Autor: Martin Stenke, Beschreibung einer Mondbeobachtung mit profunden Hintergrundinformationen.<\/div><\/li>\n<li><a class=\"wp-block-latest-posts__post-title\" href=\"https:\/\/astronomie-club-ostfriesland.de\/?p=1965\">Der Komet Neowise<\/a><div class=\"wp-block-latest-posts__post-author\">von Martin Stenke<\/div><div class=\"wp-block-latest-posts__post-excerpt\">Eine Zusammenfassung der Beobachtungen des Kometen Neowise durch Mitglieder des Vereins, mit weiteren Hintergrundinformationen. Autor: Martin Stenke.<\/div><\/li>\n<li><a class=\"wp-block-latest-posts__post-title\" href=\"https:\/\/astronomie-club-ostfriesland.de\/?p=1963\">Historisches aus der Astronomie<\/a><div class=\"wp-block-latest-posts__post-author\">von Martin Stenke<\/div><div class=\"wp-block-latest-posts__post-excerpt\">Unser Vereinsmitglied Martin Stenke hat einen \u00e4u\u00dferst interessanten Artikel \u00fcber Historisches aus der Geschichte der Astronomie verfasst. Wobei er uns an seinen\u2026\u00a0<a class=\"wp-block-latest-posts__read-more\" href=\"https:\/\/astronomie-club-ostfriesland.de\/?p=1963\" rel=\"noopener noreferrer\"><span class=\"screen-reader-text\">Historisches aus der Astronomie <\/span>weiterlesen<\/a><\/div><\/li>\n<li><div class=\"wp-block-latest-posts__featured-image alignleft\"><a href=\"https:\/\/astronomie-club-ostfriesland.de\/?p=1977\" aria-label=\"Wirtschaftsschau in Wiesmoor\"><img loading=\"lazy\" decoding=\"async\" width=\"150\" height=\"150\" src=\"https:\/\/astronomie-club-ostfriesland.de\/wp-content\/uploads\/2023\/02\/IMG_2699_TMkl-150x150.jpg\" class=\"attachment-thumbnail size-thumbnail wp-post-image\" alt=\"\" style=\"max-width:150px;max-height:150px;\" \/><\/a><\/div><a class=\"wp-block-latest-posts__post-title\" href=\"https:\/\/astronomie-club-ostfriesland.de\/?p=1977\">Wirtschaftsschau in Wiesmoor<\/a><div class=\"wp-block-latest-posts__post-author\">von Sabrina Enderle-Kleb<\/div><div class=\"wp-block-latest-posts__post-excerpt\">Der ACO Stand auf der Wirtschaftsschau in Wiesmoor<\/div><\/li>\n<li><a class=\"wp-block-latest-posts__post-title\" href=\"https:\/\/astronomie-club-ostfriesland.de\/?p=1979\">\u00d6ffentlicher Beobachtungsabend in Kamperfehn<\/a><div class=\"wp-block-latest-posts__post-author\">von Sabrina Enderle-Kleb<\/div><div class=\"wp-block-latest-posts__post-excerpt\">\u00d6ffentlicher Beobachtungsabend in Kamperfehn, leider bei bedecktem Himmel, daf\u00fcr mit Vorstellungen, Vorf\u00fchrungen und Erkl\u00e4rungen f\u00fcr viele interessierte G\u00e4ste.<\/div><\/li>\n<\/ul>","protected":false},"excerpt":{"rendered":"","protected":false},"author":8,"featured_media":0,"parent":0,"menu_order":0,"comment_status":"closed","ping_status":"closed","template":"","meta":{"footnotes":""},"class_list":["post-2071","page","type-page","status-publish","hentry"],"jetpack_sharing_enabled":true,"_links":{"self":[{"href":"https:\/\/astronomie-club-ostfriesland.de\/index.php?rest_route=\/wp\/v2\/pages\/2071","targetHints":{"allow":["GET"]}}],"collection":[{"href":"https:\/\/astronomie-club-ostfriesland.de\/index.php?rest_route=\/wp\/v2\/pages"}],"about":[{"href":"https:\/\/astronomie-club-ostfriesland.de\/index.php?rest_route=\/wp\/v2\/types\/page"}],"author":[{"embeddable":true,"href":"https:\/\/astronomie-club-ostfriesland.de\/index.php?rest_route=\/wp\/v2\/users\/8"}],"replies":[{"embeddable":true,"href":"https:\/\/astronomie-club-ostfriesland.de\/index.php?rest_route=%2Fwp%2Fv2%2Fcomments&post=2071"}],"version-history":[{"count":8,"href":"https:\/\/astronomie-club-ostfriesland.de\/index.php?rest_route=\/wp\/v2\/pages\/2071\/revisions"}],"predecessor-version":[{"id":2107,"href":"https:\/\/astronomie-club-ostfriesland.de\/index.php?rest_route=\/wp\/v2\/pages\/2071\/revisions\/2107"}],"wp:attachment":[{"href":"https:\/\/astronomie-club-ostfriesland.de\/index.php?rest_route=%2Fwp%2Fv2%2Fmedia&parent=2071"}],"curies":[{"name":"wp","href":"https:\/\/api.w.org\/{rel}","templated":true}]}}